{"id":91,"date":"2015-10-22T03:26:46","date_gmt":"2015-10-22T03:26:46","guid":{"rendered":"http:\/\/demo.thimpress.com\/eduma\/?page_id=91"},"modified":"2025-04-09T19:26:03","modified_gmt":"2025-04-09T17:26:03","slug":"registar-projekata","status":"publish","type":"page","link":"https:\/\/hercegovina.edu.ba\/hr\/registar-projekata\/","title":{"rendered":"Registar projekata"},"content":{"rendered":"\t\t<div data-elementor-type=\"wp-post\" data-elementor-id=\"91\" class=\"elementor elementor-91\">\n\t\t\t\t\t\t<section class=\"elementor-section elementor-top-section elementor-element elementor-element-80adcd5 elementor-section-stretched elementor-section-boxed elementor-section-height-default elementor-section-height-default\" data-id=\"80adcd5\" data-element_type=\"section\" data-settings=\"{&quot;stretch_section&quot;:&quot;section-stretched&quot;}\">\n\t\t\t\t\t\t<div class=\"elementor-container elementor-column-gap-custom\">\n\t\t\t\t\t<div class=\"elementor-column elementor-col-50 elementor-top-column elementor-element elementor-element-38830fa\" data-id=\"38830fa\" data-element_type=\"column\">\n\t\t\t<div class=\"elementor-widget-wrap elementor-element-populated\">\n\t\t\t\t\t\t<div class=\"elementor-element elementor-element-04a496f elementor-widget elementor-widget-thim-accordion\" data-id=\"04a496f\" data-element_type=\"widget\" data-widget_type=\"thim-accordion.default\">\n\t\t\t\t<div class=\"elementor-widget-container\">\n\t\t\t\t\t<div class=\"thim-widget-accordion accordion-new-style\"><h3 class=\"widget-title\">Registar projekata - Sveu\u010dili\u0161te Hercegovina<\/h3><div id=\"accordion_04a496f\" class=\"panel-group\" role=\"tablist\" aria-multiselectable=\"true\">\n\t\t\t<div class=\"panel panel-default\">\n\t\t\t\t<div class=\"panel-heading\" role=\"tab\"\n\t\t\t\t\t id=\"heading_accordion_04a496f_0\">\n\t\t\t\t\t<h4 class=\"panel-title\">\n\t\t\t\t\t\t<a role=\"button\" class=\"collapsed\" data-toggle=\"collapse\"\n\t\t\t\t\t\t   data-parent=\"#accordion_04a496f\"\n\t\t\t\t\t\t   href=\"#collapse_accordion_04a496f_0\" aria-expanded=\"false\"\n\t\t\t\t\t\t   aria-controls=\"collapse_accordion_04a496f_0\">\n\t\t\t\t\t\t\tIntroducing competence-based preschool teacher education curricula in BIH\t\t\t\t\t\t<\/a>\n\t\t\t\t\t<\/h4>\n\t\t\t\t<\/div>\n\t\t\t\t<div id=\"collapse_accordion_04a496f_0\"\n\t\t\t\t\t class=\"panel-collapse collapse\"\n\t\t\t\t\t role=\"tabpanel\" aria-labelledby=\"heading_accordion_04a496f_0\">\n\t\t\t\t\t<div class=\"panel-body\">\n\t\t\t\t\t\t<p>Akronim projekta: TEACHER<br \/>\nKategorija projekta:574076-EPP-1-2016-1-BA-EPPKA2-CBHE-JP<br \/>\nTrajanje projekta:2017-2021.<\/p>\n\t\t\t\t\t<\/div>\n\t\t\t\t<\/div>\n\t\t\t<\/div>\n\n\t\t\n\t\t\t<div class=\"panel panel-default\">\n\t\t\t\t<div class=\"panel-heading\" role=\"tab\"\n\t\t\t\t\t id=\"heading_accordion_04a496f_1\">\n\t\t\t\t\t<h4 class=\"panel-title\">\n\t\t\t\t\t\t<a role=\"button\" class=\"collapsed\" data-toggle=\"collapse\"\n\t\t\t\t\t\t   data-parent=\"#accordion_04a496f\"\n\t\t\t\t\t\t   href=\"#collapse_accordion_04a496f_1\" aria-expanded=\"false\"\n\t\t\t\t\t\t   aria-controls=\"collapse_accordion_04a496f_1\">\n\t\t\t\t\t\t\tUniversity and Gender Mainstreaming\t\t\t\t\t\t<\/a>\n\t\t\t\t\t<\/h4>\n\t\t\t\t<\/div>\n\t\t\t\t<div id=\"collapse_accordion_04a496f_1\"\n\t\t\t\t\t class=\"panel-collapse collapse\"\n\t\t\t\t\t role=\"tabpanel\" aria-labelledby=\"heading_accordion_04a496f_1\">\n\t\t\t\t\t<div class=\"panel-body\">\n\t\t\t\t\t\t<p>Akronim projekta: UNIGEM<br \/>\nKategorija projekta:<br \/>\nTrajanje projekta: 2023-2025.<br \/>\nVoditelj projekta: dr. sc. Martina Primorac<\/p>\n\t\t\t\t\t<\/div>\n\t\t\t\t<\/div>\n\t\t\t<\/div>\n\n\t\t\n\t\t\t<div class=\"panel panel-default\">\n\t\t\t\t<div class=\"panel-heading\" role=\"tab\"\n\t\t\t\t\t id=\"heading_accordion_04a496f_2\">\n\t\t\t\t\t<h4 class=\"panel-title\">\n\t\t\t\t\t\t<a role=\"button\" class=\"collapsed\" data-toggle=\"collapse\"\n\t\t\t\t\t\t   data-parent=\"#accordion_04a496f\"\n\t\t\t\t\t\t   href=\"#collapse_accordion_04a496f_2\" aria-expanded=\"false\"\n\t\t\t\t\t\t   aria-controls=\"collapse_accordion_04a496f_2\">\n\t\t\t\t\t\t\tStrengthening Capacities and Mechanisms for Enhancement of Quality Assurance System and Higher Education in BIH\t\t\t\t\t\t<\/a>\n\t\t\t\t\t<\/h4>\n\t\t\t\t<\/div>\n\t\t\t\t<div id=\"collapse_accordion_04a496f_2\"\n\t\t\t\t\t class=\"panel-collapse collapse\"\n\t\t\t\t\t role=\"tabpanel\" aria-labelledby=\"heading_accordion_04a496f_2\">\n\t\t\t\t\t<div class=\"panel-body\">\n\t\t\t\t\t\t<p>Akronim projekta: SMEQA<br \/>\nKategorija projekta: SMEQA-ERASMUS-EDU-2023-CBHE-STRAND-3<br \/>\nTrajanje projekta: 2023-2025.<br \/>\nVoditelj projekta: dr. sc. Martina Primorac<\/p>\n\t\t\t\t\t<\/div>\n\t\t\t\t<\/div>\n\t\t\t<\/div>\n\n\t\t\n\t\t\t<div class=\"panel panel-default\">\n\t\t\t\t<div class=\"panel-heading\" role=\"tab\"\n\t\t\t\t\t id=\"heading_accordion_04a496f_3\">\n\t\t\t\t\t<h4 class=\"panel-title\">\n\t\t\t\t\t\t<a role=\"button\" class=\"collapsed\" data-toggle=\"collapse\"\n\t\t\t\t\t\t   data-parent=\"#accordion_04a496f\"\n\t\t\t\t\t\t   href=\"#collapse_accordion_04a496f_3\" aria-expanded=\"false\"\n\t\t\t\t\t\t   aria-controls=\"collapse_accordion_04a496f_3\">\n\t\t\t\t\t\t\tGreening Relevance in Operations in Western-Balkans Tertiary-Education Habitats\t\t\t\t\t\t<\/a>\n\t\t\t\t\t<\/h4>\n\t\t\t\t<\/div>\n\t\t\t\t<div id=\"collapse_accordion_04a496f_3\"\n\t\t\t\t\t class=\"panel-collapse collapse\"\n\t\t\t\t\t role=\"tabpanel\" aria-labelledby=\"heading_accordion_04a496f_3\">\n\t\t\t\t\t<div class=\"panel-body\">\n\t\t\t\t\t\t<p>Akronim projekta: GROWTH<br \/>\nKategorija projekta:<br \/>\nTrajanje projekta: 2023-2026.<br \/>\nVoditelj projekta: dr. sc. Nata\u0161a \u0160anti\u0107<\/p>\n\t\t\t\t\t<\/div>\n\t\t\t\t<\/div>\n\t\t\t<\/div>\n\n\t\t\n\t\t\t<div class=\"panel panel-default\">\n\t\t\t\t<div class=\"panel-heading\" role=\"tab\"\n\t\t\t\t\t id=\"heading_accordion_04a496f_4\">\n\t\t\t\t\t<h4 class=\"panel-title\">\n\t\t\t\t\t\t<a role=\"button\" class=\"collapsed\" data-toggle=\"collapse\"\n\t\t\t\t\t\t   data-parent=\"#accordion_04a496f\"\n\t\t\t\t\t\t   href=\"#collapse_accordion_04a496f_4\" aria-expanded=\"false\"\n\t\t\t\t\t\t   aria-controls=\"collapse_accordion_04a496f_4\">\n\t\t\t\t\t\t\tNetwork of centers for regional short study program in the countries of the Western Balkans\t\t\t\t\t\t<\/a>\n\t\t\t\t\t<\/h4>\n\t\t\t\t<\/div>\n\t\t\t\t<div id=\"collapse_accordion_04a496f_4\"\n\t\t\t\t\t class=\"panel-collapse collapse\"\n\t\t\t\t\t role=\"tabpanel\" aria-labelledby=\"heading_accordion_04a496f_4\">\n\t\t\t\t\t<div class=\"panel-body\">\n\t\t\t\t\t\t<p>Akronim projekta: WBNET<br \/>\nKategorija projekta: 101128813-WBNET-ERASMUS-EDU-2023-CBHE<br \/>\nTrajanje projekta: 2024-2026.<br \/>\nVoditelj projekta: dr. sc. Sa\u0161a \u010cekrlija<\/p>\n\t\t\t\t\t<\/div>\n\t\t\t\t<\/div>\n\t\t\t<\/div>\n\n\t\t\n\t\t\t<div class=\"panel panel-default\">\n\t\t\t\t<div class=\"panel-heading\" role=\"tab\"\n\t\t\t\t\t id=\"heading_accordion_04a496f_5\">\n\t\t\t\t\t<h4 class=\"panel-title\">\n\t\t\t\t\t\t<a role=\"button\" class=\"collapsed\" data-toggle=\"collapse\"\n\t\t\t\t\t\t   data-parent=\"#accordion_04a496f\"\n\t\t\t\t\t\t   href=\"#collapse_accordion_04a496f_5\" aria-expanded=\"false\"\n\t\t\t\t\t\t   aria-controls=\"collapse_accordion_04a496f_5\">\n\t\t\t\t\t\t\tImproving the capacity of international cooperation and economic cooperation of WB HEIs\t\t\t\t\t\t<\/a>\n\t\t\t\t\t<\/h4>\n\t\t\t\t<\/div>\n\t\t\t\t<div id=\"collapse_accordion_04a496f_5\"\n\t\t\t\t\t class=\"panel-collapse collapse\"\n\t\t\t\t\t role=\"tabpanel\" aria-labelledby=\"heading_accordion_04a496f_5\">\n\t\t\t\t\t<div class=\"panel-body\">\n\t\t\t\t\t\t<p>Akronim projekta: INTECO<br \/>\nKategorija projekta: 101177758-INTECO-ERASMUS-EDU-2024-CBHE<br \/>\nTrajanje projekta: 2024-2027.<br \/>\nVoditelj projekta: dr. sc. Emina Bo\u0161kailo<\/p>\n\t\t\t\t\t<\/div>\n\t\t\t\t<\/div>\n\t\t\t<\/div>\n\n\t\t\n\t\t\t<div class=\"panel panel-default\">\n\t\t\t\t<div class=\"panel-heading\" role=\"tab\"\n\t\t\t\t\t id=\"heading_accordion_04a496f_6\">\n\t\t\t\t\t<h4 class=\"panel-title\">\n\t\t\t\t\t\t<a role=\"button\" class=\"collapsed\" data-toggle=\"collapse\"\n\t\t\t\t\t\t   data-parent=\"#accordion_04a496f\"\n\t\t\t\t\t\t   href=\"#collapse_accordion_04a496f_6\" aria-expanded=\"false\"\n\t\t\t\t\t\t   aria-controls=\"collapse_accordion_04a496f_6\">\n\t\t\t\t\t\t\tEmpowering HE through access to cooperation for Suistainable Practices and Energy Efficiency for all\t\t\t\t\t\t<\/a>\n\t\t\t\t\t<\/h4>\n\t\t\t\t<\/div>\n\t\t\t\t<div id=\"collapse_accordion_04a496f_6\"\n\t\t\t\t\t class=\"panel-collapse collapse\"\n\t\t\t\t\t role=\"tabpanel\" aria-labelledby=\"heading_accordion_04a496f_6\">\n\t\t\t\t\t<div class=\"panel-body\">\n\t\t\t\t\t\t<p>Akronim projekta: EMPHASIS<br \/>\nKategorija projekta: 101179723-EMPHASIS-ERASMUS-EDU-2024-CBHE<br \/>\nTrajanje projekta: 2024-2027.<br \/>\nVoditelj projekta: dr. sc. Emina Bo\u0161kailo<\/p>\n\t\t\t\t\t<\/div>\n\t\t\t\t<\/div>\n\t\t\t<\/div>\n\n\t\t<\/div><\/div>\t\t\t\t<\/div>\n\t\t\t\t<\/div>\n\t\t\t\t\t<\/div>\n\t\t<\/div>\n\t\t\t\t<div class=\"elementor-column elementor-col-50 elementor-top-column elementor-element elementor-element-f9fc1c8\" data-id=\"f9fc1c8\" data-element_type=\"column\">\n\t\t\t<div class=\"elementor-widget-wrap elementor-element-populated\">\n\t\t\t\t\t\t<div class=\"elementor-element elementor-element-3ccc161 elementor-widget elementor-widget-image\" data-id=\"3ccc161\" data-element_type=\"widget\" data-widget_type=\"image.default\">\n\t\t\t\t\t\t\t\t\t\t\t\t\t\t\t<img fetchpriority=\"high\" decoding=\"async\" width=\"640\" height=\"480\" src=\"https:\/\/hercegovina.edu.ba\/hr\/wp-content\/uploads\/2025\/03\/Slika-2-1024x768.jpg\" class=\"attachment-large size-large wp-image-16496\" alt=\"\" srcset=\"https:\/\/hercegovina.edu.ba\/hr\/wp-content\/uploads\/2025\/03\/Slika-2-1024x768.jpg 1024w, https:\/\/hercegovina.edu.ba\/hr\/wp-content\/uploads\/2025\/03\/Slika-2-300x225.jpg 300w, https:\/\/hercegovina.edu.ba\/hr\/wp-content\/uploads\/2025\/03\/Slika-2-768x576.jpg 768w, https:\/\/hercegovina.edu.ba\/hr\/wp-content\/uploads\/2025\/03\/Slika-2-400x300.jpg 400w, https:\/\/hercegovina.edu.ba\/hr\/wp-content\/uploads\/2025\/03\/Slika-2-600x450.jpg 600w, https:\/\/hercegovina.edu.ba\/hr\/wp-content\/uploads\/2025\/03\/Slika-2.jpg 1280w\" sizes=\"(max-width: 640px) 100vw, 640px\" \/>\t\t\t\t\t\t\t\t\t\t\t\t\t\t\t<\/div>\n\t\t\t\t\t<\/div>\n\t\t<\/div>\n\t\t\t\t\t<\/div>\n\t\t<\/section>\n\t\t\t\t<\/div>\n\t\t","protected":false},"excerpt":{"rendered":"<p>Registar projekata &#8211; Sveu\u010dili\u0161te Hercegovina Introducing competence-based preschool teacher education curricula in BIH Akronim projekta: TEACHER Kategorija projekta:574076-EPP-1-2016-1-BA-EPPKA2-CBHE-JP Trajanje projekta:2017-2021. University and Gender Mainstreaming Akronim projekta: UNIGEM Kategorija projekta: Trajanje projekta: 2023-2025. Voditelj projekta: dr. sc. Martina Primorac Strengthening Capacities &hellip; <\/p>\n","protected":false},"author":1,"featured_media":0,"parent":0,"menu_order":0,"comment_status":"closed","ping_status":"closed","template":"","meta":{"footnotes":""},"class_list":["post-91","page","type-page","status-publish","hentry"],"yoast_head":"<!-- This site is optimized with the Yoast SEO plugin v27.3 - https:\/\/yoast.com\/product\/yoast-seo-wordpress\/ -->\n<title>Registar projekata - Sveu\u010dili\u0161te Hercegovina<\/title>\n<meta name=\"robots\" content=\"index, follow, max-snippet:-1, max-image-preview:large, max-video-preview:-1\" \/>\n<link rel=\"canonical\" href=\"https:\/\/hercegovina.edu.ba\/hr\/registar-projekata\/\" \/>\n<meta property=\"og:locale\" content=\"hr_HR\" \/>\n<meta property=\"og:type\" content=\"article\" \/>\n<meta property=\"og:title\" content=\"Registar projekata - Sveu\u010dili\u0161te Hercegovina\" \/>\n<meta property=\"og:description\" content=\"Registar projekata &#8211; Sveu\u010dili\u0161te Hercegovina Introducing competence-based preschool teacher education curricula in BIH Akronim projekta: TEACHER Kategorija projekta:574076-EPP-1-2016-1-BA-EPPKA2-CBHE-JP Trajanje projekta:2017-2021. University and Gender Mainstreaming Akronim projekta: UNIGEM Kategorija projekta: Trajanje projekta: 2023-2025. Voditelj projekta: dr. sc. Martina Primorac Strengthening Capacities &hellip;\" \/>\n<meta property=\"og:url\" content=\"https:\/\/hercegovina.edu.ba\/hr\/registar-projekata\/\" \/>\n<meta property=\"og:site_name\" content=\"Sveu\u010dili\u0161te Hercegovina\" \/>\n<meta property=\"article:modified_time\" content=\"2025-04-09T17:26:03+00:00\" \/>\n<meta property=\"og:image\" content=\"https:\/\/hercegovina.edu.ba\/hr\/wp-content\/uploads\/2025\/03\/Slika-2.jpg\" \/>\n\t<meta property=\"og:image:width\" content=\"1280\" \/>\n\t<meta property=\"og:image:height\" content=\"960\" \/>\n\t<meta property=\"og:image:type\" content=\"image\/jpeg\" \/>\n<meta name=\"twitter:card\" content=\"summary_large_image\" \/>\n<meta name=\"twitter:label1\" content=\"Procijenjeno vrijeme \u010ditanja\" \/>\n\t<meta name=\"twitter:data1\" content=\"2 minute\" \/>\n<script type=\"application\/ld+json\" class=\"yoast-schema-graph\">{\"@context\":\"https:\\\/\\\/schema.org\",\"@graph\":[{\"@type\":\"WebPage\",\"@id\":\"https:\\\/\\\/hercegovina.edu.ba\\\/hr\\\/registar-projekata\\\/\",\"url\":\"https:\\\/\\\/hercegovina.edu.ba\\\/hr\\\/registar-projekata\\\/\",\"name\":\"Registar projekata - Sveu\u010dili\u0161te Hercegovina\",\"isPartOf\":{\"@id\":\"https:\\\/\\\/hercegovina.edu.ba\\\/hr\\\/#website\"},\"primaryImageOfPage\":{\"@id\":\"https:\\\/\\\/hercegovina.edu.ba\\\/hr\\\/registar-projekata\\\/#primaryimage\"},\"image\":{\"@id\":\"https:\\\/\\\/hercegovina.edu.ba\\\/hr\\\/registar-projekata\\\/#primaryimage\"},\"thumbnailUrl\":\"https:\\\/\\\/hercegovina.edu.ba\\\/hr\\\/wp-content\\\/uploads\\\/2025\\\/03\\\/Slika-2-1024x768.jpg\",\"datePublished\":\"2015-10-22T03:26:46+00:00\",\"dateModified\":\"2025-04-09T17:26:03+00:00\",\"breadcrumb\":{\"@id\":\"https:\\\/\\\/hercegovina.edu.ba\\\/hr\\\/registar-projekata\\\/#breadcrumb\"},\"inLanguage\":\"hr\",\"potentialAction\":[{\"@type\":\"ReadAction\",\"target\":[\"https:\\\/\\\/hercegovina.edu.ba\\\/hr\\\/registar-projekata\\\/\"]}]},{\"@type\":\"ImageObject\",\"inLanguage\":\"hr\",\"@id\":\"https:\\\/\\\/hercegovina.edu.ba\\\/hr\\\/registar-projekata\\\/#primaryimage\",\"url\":\"https:\\\/\\\/hercegovina.edu.ba\\\/hr\\\/wp-content\\\/uploads\\\/2025\\\/03\\\/Slika-2.jpg\",\"contentUrl\":\"https:\\\/\\\/hercegovina.edu.ba\\\/hr\\\/wp-content\\\/uploads\\\/2025\\\/03\\\/Slika-2.jpg\",\"width\":1280,\"height\":960},{\"@type\":\"BreadcrumbList\",\"@id\":\"https:\\\/\\\/hercegovina.edu.ba\\\/hr\\\/registar-projekata\\\/#breadcrumb\",\"itemListElement\":[{\"@type\":\"ListItem\",\"position\":1,\"name\":\"Po\u010detna stranica\",\"item\":\"https:\\\/\\\/hercegovina.edu.ba\\\/hr\\\/\"},{\"@type\":\"ListItem\",\"position\":2,\"name\":\"Registar projekata\"}]},{\"@type\":\"WebSite\",\"@id\":\"https:\\\/\\\/hercegovina.edu.ba\\\/hr\\\/#website\",\"url\":\"https:\\\/\\\/hercegovina.edu.ba\\\/hr\\\/\",\"name\":\"Sveu\u010dili\u0161te Hercegovina\",\"description\":\"Obrazovanje\",\"publisher\":{\"@id\":\"https:\\\/\\\/hercegovina.edu.ba\\\/hr\\\/#organization\"},\"potentialAction\":[{\"@type\":\"SearchAction\",\"target\":{\"@type\":\"EntryPoint\",\"urlTemplate\":\"https:\\\/\\\/hercegovina.edu.ba\\\/hr\\\/?s={search_term_string}\"},\"query-input\":{\"@type\":\"PropertyValueSpecification\",\"valueRequired\":true,\"valueName\":\"search_term_string\"}}],\"inLanguage\":\"hr\"},{\"@type\":\"Organization\",\"@id\":\"https:\\\/\\\/hercegovina.edu.ba\\\/hr\\\/#organization\",\"name\":\"Sveu\u010dili\u0161te Hercegovina\",\"url\":\"https:\\\/\\\/hercegovina.edu.ba\\\/hr\\\/\",\"logo\":{\"@type\":\"ImageObject\",\"inLanguage\":\"hr\",\"@id\":\"https:\\\/\\\/hercegovina.edu.ba\\\/hr\\\/#\\\/schema\\\/logo\\\/image\\\/\",\"url\":\"https:\\\/\\\/hercegovina.edu.ba\\\/hr\\\/wp-content\\\/uploads\\\/2025\\\/03\\\/1sveherc.png\",\"contentUrl\":\"https:\\\/\\\/hercegovina.edu.ba\\\/hr\\\/wp-content\\\/uploads\\\/2025\\\/03\\\/1sveherc.png\",\"width\":300,\"height\":100,\"caption\":\"Sveu\u010dili\u0161te Hercegovina\"},\"image\":{\"@id\":\"https:\\\/\\\/hercegovina.edu.ba\\\/hr\\\/#\\\/schema\\\/logo\\\/image\\\/\"}}]}<\/script>\n<!-- \/ Yoast SEO plugin. -->","yoast_head_json":{"title":"Registar projekata - Sveu\u010dili\u0161te Hercegovina","robots":{"index":"index","follow":"follow","max-snippet":"max-snippet:-1","max-image-preview":"max-image-preview:large","max-video-preview":"max-video-preview:-1"},"canonical":"https:\/\/hercegovina.edu.ba\/hr\/registar-projekata\/","og_locale":"hr_HR","og_type":"article","og_title":"Registar projekata - Sveu\u010dili\u0161te Hercegovina","og_description":"Registar projekata &#8211; Sveu\u010dili\u0161te Hercegovina Introducing competence-based preschool teacher education curricula in BIH Akronim projekta: TEACHER Kategorija projekta:574076-EPP-1-2016-1-BA-EPPKA2-CBHE-JP Trajanje projekta:2017-2021. University and Gender Mainstreaming Akronim projekta: UNIGEM Kategorija projekta: Trajanje projekta: 2023-2025. Voditelj projekta: dr. sc. Martina Primorac Strengthening Capacities &hellip;","og_url":"https:\/\/hercegovina.edu.ba\/hr\/registar-projekata\/","og_site_name":"Sveu\u010dili\u0161te Hercegovina","article_modified_time":"2025-04-09T17:26:03+00:00","og_image":[{"width":1280,"height":960,"url":"https:\/\/hercegovina.edu.ba\/hr\/wp-content\/uploads\/2025\/03\/Slika-2.jpg","type":"image\/jpeg"}],"twitter_card":"summary_large_image","twitter_misc":{"Procijenjeno vrijeme \u010ditanja":"2 minute"},"schema":{"@context":"https:\/\/schema.org","@graph":[{"@type":"WebPage","@id":"https:\/\/hercegovina.edu.ba\/hr\/registar-projekata\/","url":"https:\/\/hercegovina.edu.ba\/hr\/registar-projekata\/","name":"Registar projekata - Sveu\u010dili\u0161te Hercegovina","isPartOf":{"@id":"https:\/\/hercegovina.edu.ba\/hr\/#website"},"primaryImageOfPage":{"@id":"https:\/\/hercegovina.edu.ba\/hr\/registar-projekata\/#primaryimage"},"image":{"@id":"https:\/\/hercegovina.edu.ba\/hr\/registar-projekata\/#primaryimage"},"thumbnailUrl":"https:\/\/hercegovina.edu.ba\/hr\/wp-content\/uploads\/2025\/03\/Slika-2-1024x768.jpg","datePublished":"2015-10-22T03:26:46+00:00","dateModified":"2025-04-09T17:26:03+00:00","breadcrumb":{"@id":"https:\/\/hercegovina.edu.ba\/hr\/registar-projekata\/#breadcrumb"},"inLanguage":"hr","potentialAction":[{"@type":"ReadAction","target":["https:\/\/hercegovina.edu.ba\/hr\/registar-projekata\/"]}]},{"@type":"ImageObject","inLanguage":"hr","@id":"https:\/\/hercegovina.edu.ba\/hr\/registar-projekata\/#primaryimage","url":"https:\/\/hercegovina.edu.ba\/hr\/wp-content\/uploads\/2025\/03\/Slika-2.jpg","contentUrl":"https:\/\/hercegovina.edu.ba\/hr\/wp-content\/uploads\/2025\/03\/Slika-2.jpg","width":1280,"height":960},{"@type":"BreadcrumbList","@id":"https:\/\/hercegovina.edu.ba\/hr\/registar-projekata\/#breadcrumb","itemListElement":[{"@type":"ListItem","position":1,"name":"Po\u010detna stranica","item":"https:\/\/hercegovina.edu.ba\/hr\/"},{"@type":"ListItem","position":2,"name":"Registar projekata"}]},{"@type":"WebSite","@id":"https:\/\/hercegovina.edu.ba\/hr\/#website","url":"https:\/\/hercegovina.edu.ba\/hr\/","name":"Sveu\u010dili\u0161te Hercegovina","description":"Obrazovanje","publisher":{"@id":"https:\/\/hercegovina.edu.ba\/hr\/#organization"},"potentialAction":[{"@type":"SearchAction","target":{"@type":"EntryPoint","urlTemplate":"https:\/\/hercegovina.edu.ba\/hr\/?s={search_term_string}"},"query-input":{"@type":"PropertyValueSpecification","valueRequired":true,"valueName":"search_term_string"}}],"inLanguage":"hr"},{"@type":"Organization","@id":"https:\/\/hercegovina.edu.ba\/hr\/#organization","name":"Sveu\u010dili\u0161te Hercegovina","url":"https:\/\/hercegovina.edu.ba\/hr\/","logo":{"@type":"ImageObject","inLanguage":"hr","@id":"https:\/\/hercegovina.edu.ba\/hr\/#\/schema\/logo\/image\/","url":"https:\/\/hercegovina.edu.ba\/hr\/wp-content\/uploads\/2025\/03\/1sveherc.png","contentUrl":"https:\/\/hercegovina.edu.ba\/hr\/wp-content\/uploads\/2025\/03\/1sveherc.png","width":300,"height":100,"caption":"Sveu\u010dili\u0161te Hercegovina"},"image":{"@id":"https:\/\/hercegovina.edu.ba\/hr\/#\/schema\/logo\/image\/"}}]}},"jetpack_sharing_enabled":true,"_links":{"self":[{"href":"https:\/\/hercegovina.edu.ba\/hr\/wp-json\/wp\/v2\/pages\/91","targetHints":{"allow":["GET"]}}],"collection":[{"href":"https:\/\/hercegovina.edu.ba\/hr\/wp-json\/wp\/v2\/pages"}],"about":[{"href":"https:\/\/hercegovina.edu.ba\/hr\/wp-json\/wp\/v2\/types\/page"}],"author":[{"embeddable":true,"href":"https:\/\/hercegovina.edu.ba\/hr\/wp-json\/wp\/v2\/users\/1"}],"replies":[{"embeddable":true,"href":"https:\/\/hercegovina.edu.ba\/hr\/wp-json\/wp\/v2\/comments?post=91"}],"version-history":[{"count":10,"href":"https:\/\/hercegovina.edu.ba\/hr\/wp-json\/wp\/v2\/pages\/91\/revisions"}],"predecessor-version":[{"id":16700,"href":"https:\/\/hercegovina.edu.ba\/hr\/wp-json\/wp\/v2\/pages\/91\/revisions\/16700"}],"wp:attachment":[{"href":"https:\/\/hercegovina.edu.ba\/hr\/wp-json\/wp\/v2\/media?parent=91"}],"curies":[{"name":"wp","href":"https:\/\/api.w.org\/{rel}","templated":true}]}}