{"id":15793,"date":"2023-12-05T09:11:50","date_gmt":"2023-12-05T09:11:50","guid":{"rendered":"https:\/\/eduma.thimpress.com\/university\/?page_id=15091"},"modified":"2025-12-18T15:38:02","modified_gmt":"2025-12-18T14:38:02","slug":"o-nama","status":"publish","type":"page","link":"https:\/\/hercegovina.edu.ba\/hr\/o-nama\/","title":{"rendered":"O nama"},"content":{"rendered":"\t\t<div data-elementor-type=\"wp-page\" data-elementor-id=\"15793\" class=\"elementor elementor-15793\">\n\t\t\t\t<div class=\"elementor-element elementor-element-ec062ef e-flex e-con-boxed e-con e-parent\" data-id=\"ec062ef\" data-element_type=\"container\" data-settings=\"{&quot;background_background&quot;:&quot;classic&quot;}\">\n\t\t\t\t\t<div class=\"e-con-inner\">\n\t\t\t\t<div class=\"elementor-element elementor-element-0418f7a elementor-widget__width-initial elementor-absolute elementor-widget elementor-widget-text-editor\" data-id=\"0418f7a\" data-element_type=\"widget\" data-settings=\"{&quot;_position&quot;:&quot;absolute&quot;}\" data-widget_type=\"text-editor.default\">\n\t\t\t\t\t\t\t\t\t<p>Ulaganje u obrazovanje ostaje trajna vrijednost! &#8211; to na\u0161i studenti znaju. Sveu\u010dili\u0161te Hercegovina, od svog nastajanja pa do danas broji vi\u0161e od 700 diplomiranih studenata, te vi\u0161e od 30 doktora znanosti!\u00a0<\/p><p>Dobrodo\u0161li na Sveu\u010dili\u0161te Hercegovina &#8211; Sveu\u010dili\u0161te vrijedno truda!<\/p>\t\t\t\t\t\t\t\t<\/div>\n\t\t\t\t\t<\/div>\n\t\t\t\t<\/div>\n\t\t\t\t<section class=\"elementor-section elementor-top-section elementor-element elementor-element-11d77694 elementor-section-stretched elementor-section-boxed elementor-section-height-default elementor-section-height-default\" data-id=\"11d77694\" data-element_type=\"section\" data-settings=\"{&quot;stretch_section&quot;:&quot;section-stretched&quot;}\">\n\t\t\t\t\t\t<div class=\"elementor-container elementor-column-gap-no\">\n\t\t\t\t\t<div class=\"elementor-column elementor-col-100 elementor-top-column elementor-element elementor-element-30c45465\" data-id=\"30c45465\" data-element_type=\"column\">\n\t\t\t<div class=\"elementor-widget-wrap elementor-element-populated\">\n\t\t\t\t\t\t<div class=\"elementor-element elementor-element-0ff1729 elementor-widget thim-ekits-heading elementor-widget-thim-heading\" data-id=\"0ff1729\" data-element_type=\"widget\" data-widget_type=\"thim-heading.default\">\n\t\t\t\t<div class=\"elementor-widget-container\">\n\t\t\t\t\t<div class=\"sc_heading\"><h3 class=\"title\">O NAMA  <span class=\"thim-color\">Sveu\u010dili\u0161te Hercegovina<\/span><\/h3><span class=\"line\"><\/span><\/div>\t\t\t\t<\/div>\n\t\t\t\t<\/div>\n\t\t<div class=\"elementor-element elementor-element-4e11e07 e-flex e-con-boxed e-con e-parent\" data-id=\"4e11e07\" data-element_type=\"container\">\n\t\t\t\t\t<div class=\"e-con-inner\">\n\t\t<div class=\"elementor-element elementor-element-37d9c70 e-con-full e-flex e-con e-child\" data-id=\"37d9c70\" data-element_type=\"container\">\n\t\t<div class=\"elementor-element elementor-element-056ead9 e-con-full e-flex e-con e-child\" data-id=\"056ead9\" data-element_type=\"container\">\n\t\t\t\t<div class=\"elementor-element elementor-element-16e3244 elementor-widget elementor-widget-image\" data-id=\"16e3244\" data-element_type=\"widget\" data-widget_type=\"image.default\">\n\t\t\t\t\t\t\t\t\t\t\t\t\t\t\t<img fetchpriority=\"high\" decoding=\"async\" width=\"630\" height=\"410\" src=\"https:\/\/hercegovina.edu.ba\/hr\/wp-content\/uploads\/2023\/12\/campus-life-2.jpg\" class=\"attachment-full size-full wp-image-14843\" alt=\"\" srcset=\"https:\/\/hercegovina.edu.ba\/hr\/wp-content\/uploads\/2023\/12\/campus-life-2.jpg 630w, https:\/\/hercegovina.edu.ba\/hr\/wp-content\/uploads\/2023\/12\/campus-life-2-600x390.jpg 600w, https:\/\/hercegovina.edu.ba\/hr\/wp-content\/uploads\/2023\/12\/campus-life-2-300x195.jpg 300w, https:\/\/hercegovina.edu.ba\/hr\/wp-content\/uploads\/2023\/12\/campus-life-2-80x52.jpg 80w\" sizes=\"(max-width: 630px) 100vw, 630px\" \/>\t\t\t\t\t\t\t\t\t\t\t\t\t\t\t<\/div>\n\t\t\t\t<\/div>\n\t\t<div class=\"elementor-element elementor-element-bd09d35 e-con-full e-flex e-con e-child\" data-id=\"bd09d35\" data-element_type=\"container\">\n\t\t\t\t<div class=\"elementor-element elementor-element-18a579b elementor-widget elementor-widget-text-editor\" data-id=\"18a579b\" data-element_type=\"widget\" data-widget_type=\"text-editor.default\">\n\t\t\t\t\t\t\t\t\t<p>Sveu\u010dili\u0161te Hercegovina prvo je privatno licencirano i akreditirano Sveu\u010dili\u0161te u Hercegovini. Osnovano je 2010. godine.\u00a0<\/p><p>Nakon provedenih postupaka vanjskog vrednovanja, Sveu\u010dili\u0161te Hercegovina dobilo je <a href=\"http:\/\/sve-herc-stara.local\/wp-content\/uploads\/2019\/04\/Rje%C5%A1enje-o-akreditaciji.pdf\">Rje\u0161enje<\/a>\u00a0o akreditaciji i\u00a0<strong>upisano je u Registar akreditiranih visoko\u0161kolskih ustanova<\/strong>\u00a0pri Agenciji za razvoj visokog obrazovanja i osiguranje kvalitete u BiH. Diplome ste\u010dene na Sveu\u010dili\u0161tu Hercegovina prepoznate su i\u00a0<strong>priznate<\/strong>\u00a0u Bosni i Hercegovini i diljem svijeta.<\/p><p><strong>Sveu\u010dili\u0161te ima 2 fakulteta:<\/strong><\/p><p><a href=\"https:\/\/hercegovina.edu.ba\/hr\/fakultet-drustvenih-znanosti-dr-milenka-brkica\/\">Fakultet dru\u0161tvenih znanosti dr. Milenka Brki\u0107a<br \/><\/a><br \/><a href=\"https:\/\/hercegovina.edu.ba\/hr\/fakultet-medunarodnih-odnosa-i-diplomacije\/\">Fakultet me\u0111unarodnih odnosa i diplomacije<br \/><\/a><\/p>\t\t\t\t\t\t\t\t<\/div>\n\t\t\t\t<\/div>\n\t\t\t\t<\/div>\n\t\t\t\t\t<\/div>\n\t\t\t\t<\/div>\n\t\t\t\t\t<\/div>\n\t\t<\/div>\n\t\t\t\t\t<\/div>\n\t\t<\/section>\n\t\t<div class=\"elementor-element elementor-element-4d5c7f0 e-flex e-con-boxed e-con e-parent\" data-id=\"4d5c7f0\" data-element_type=\"container\">\n\t\t\t\t\t<div class=\"e-con-inner\">\n\t\t<div class=\"elementor-element elementor-element-d36eaff e-con-full e-flex e-con e-child\" data-id=\"d36eaff\" data-element_type=\"container\">\n\t\t\t\t<div class=\"elementor-element elementor-element-7e8f81a iconbox--tablettext-center iconbox-text-left elementor-widget elementor-widget-thim-icon-box\" data-id=\"7e8f81a\" data-element_type=\"widget\" data-widget_type=\"thim-icon-box.default\">\n\t\t\t\t<div class=\"elementor-widget-container\">\n\t\t\t\t\t<div class=\"thim-widget-icon-box\"><div class=\"wrapper-box-icon text-left \"><div class=\"smicon-box iconbox-top\"><div class=\"boxes-icon\"><a class=\"icon-box-link\" href=\"#\" target=\"_blank\"><span class=\"inner-icon\"><\/span><\/a><\/div><div class=\"content-inner\"><div class=\"sc-heading\"><h2 class=\"heading__primary\"><a class=\"icon-box-link\" href=\"#\" target=\"_blank\">MISIJA<\/a><\/h2><\/div><div class=\"desc-icon-box\"><div class=\"desc-content\">Misija Sveu\u010dili\u0161ta Hercegovina je \u0161iriti i razvijati me\u0111unarodno prepoznatljivu\nkvalitetu znanstvenih, umjetni\u010dkih i stru\u010dnih postignu\u0107a, utemeljenih na\nfundamentalnim i aplikativnim znanstvenim istra\u017eivanjima, obrazovanju\nstudenata i drugih zainteresiranih pojedinaca i skupina, u postizanju kvalifikacija\nkroz formalne, neformalne i informalne vidove u\u010denja i napredovanja, te\npru\u017eanje mogu\u0107nosti svim zainteresiranim pojedincima i skupinama za\nusavr\u0161avanje i uskla\u0111ivanje s dostignu\u0107ima znanosti i organizacijskim potrebama\n\ntr\u017ei\u0161ta rada, vlastitog razvoja i uspjeha, te o\u010duvanju i preno\u0161enju kulturno-\nhistorijske, prirodne i umjetni\u010dke ba\u0161tine, posebno na podru\u010dju Hercegovine.<\/div><\/div><\/div><\/div><\/div><\/div>\t\t\t\t<\/div>\n\t\t\t\t<\/div>\n\t\t\t\t<\/div>\n\t\t<div class=\"elementor-element elementor-element-4b0ca73 e-con-full e-flex e-con e-child\" data-id=\"4b0ca73\" data-element_type=\"container\">\n\t\t\t\t<div class=\"elementor-element elementor-element-e61a7c3 iconbox--tablettext-center iconbox-text-left elementor-widget elementor-widget-thim-icon-box\" data-id=\"e61a7c3\" data-element_type=\"widget\" data-widget_type=\"thim-icon-box.default\">\n\t\t\t\t<div class=\"elementor-widget-container\">\n\t\t\t\t\t<div class=\"thim-widget-icon-box\"><div class=\"wrapper-box-icon text-left \"><div class=\"smicon-box iconbox-top\"><div class=\"boxes-icon\"><a class=\"icon-box-link\" href=\"#\" target=\"_blank\"><span class=\"inner-icon\"><\/span><\/a><\/div><div class=\"content-inner\"><div class=\"sc-heading\"><h3 class=\"heading__primary\"><a class=\"icon-box-link\" href=\"#\" target=\"_blank\">VIZIJA<\/a><\/h3><\/div><div class=\"desc-icon-box\"><div class=\"desc-content\">Sveu\u010dili\u0161te Hercegovina pozicionira se kao visoko\u0161kolska, obrazovna i znanstvena\nustanova koja u svome radu primjenjuje klju\u010dna akademska na\u010dela ustanovljena\nkroz klju\u010dne me\u0111unarodne i doma\u0107e dokumente i propise, razvija se sukladno\nprincipima Europskog prostora visokog obrazovanja (EHEA), integrira obrazovni i\nznanstveno-istra\u017eiva\u010dki prostor, posti\u017ee me\u0111unarodne standarde u ostvarivanju\nbolonjskog procesa, u potpunosti provodi na\u010dela tzv. Lisabonske konvencije u\nprostoru akademskog priznavanja, uspostavlja reference izvrsnosti za razvoj uz\n\nprimjenu me\u0111unarodnih dobrih praksi i razvija kapacitete za inter-\ninstitucionalnu suradnju, posebno na podru\u010dju Hercegovine, te s nekima od\n\nnajboljih visoko\u0161kolskih i znanstvenih ustanova u svijetu.<\/div><\/div><\/div><\/div><\/div><\/div>\t\t\t\t<\/div>\n\t\t\t\t<\/div>\n\t\t\t\t<\/div>\n\t\t<div class=\"elementor-element elementor-element-c20e90b e-con-full e-flex e-con e-child\" data-id=\"c20e90b\" data-element_type=\"container\">\n\t\t\t\t<div class=\"elementor-element elementor-element-a72d930 iconbox--tablettext-center iconbox-text-left elementor-widget elementor-widget-thim-icon-box\" data-id=\"a72d930\" data-element_type=\"widget\" data-widget_type=\"thim-icon-box.default\">\n\t\t\t\t<div class=\"elementor-widget-container\">\n\t\t\t\t\t<div class=\"thim-widget-icon-box\"><div class=\"wrapper-box-icon has_custom_image text-left \"><div class=\"smicon-box iconbox-top\"><div class=\"boxes-icon\"><a class=\"icon-box-link\" href=\"#\" target=\"_blank\"><span class=\"inner-icon\"><span class=\"icon icon-images\"><img decoding=\"async\" src=\"https:\/\/hercegovina.edu.ba\/hr\/wp-content\/uploads\/2025\/02\/mostar.jpg\" alt=\"mostar\"  width=\"512\" height=\"385\"><\/span><\/span><\/a><\/div><div class=\"content-inner\"><div class=\"sc-heading\"><h3 class=\"heading__primary\"><a class=\"icon-box-link\" href=\"#\" target=\"_blank\">ZNANOST I RAZVOJ<\/a><\/h3><\/div><div class=\"desc-icon-box\"><div class=\"desc-content\">Sveu\u010dili\u0161te Hercegovina osim akademsko-nastavnog, razvija i znanstveno-istra\u017eiva\u010dku djelatnost, kao i brojne programe stru\u010dnog usavr\u0161avanja i djelovanja u \u0161iroj dru\u0161tvenoj zajednici.<\/div><\/div><\/div><\/div><\/div><\/div>\t\t\t\t<\/div>\n\t\t\t\t<\/div>\n\t\t\t\t<\/div>\n\t\t\t\t\t<\/div>\n\t\t\t\t<\/div>\n\t\t\t\t<section class=\"elementor-section elementor-top-section elementor-element elementor-element-36e7eef5 elementor-section-stretched elementor-section-boxed elementor-section-height-default elementor-section-height-default\" data-id=\"36e7eef5\" data-element_type=\"section\" data-settings=\"{&quot;stretch_section&quot;:&quot;section-stretched&quot;,&quot;background_background&quot;:&quot;classic&quot;}\">\n\t\t\t\t\t\t<div class=\"elementor-container elementor-column-gap-custom\">\n\t\t\t\t\t<div class=\"elementor-column elementor-col-50 elementor-top-column elementor-element elementor-element-21a08cbc\" data-id=\"21a08cbc\" data-element_type=\"column\">\n\t\t\t<div class=\"elementor-widget-wrap elementor-element-populated\">\n\t\t\t\t\t\t<div class=\"elementor-element elementor-element-a2bfc2e elementor-widget elementor-widget-image\" data-id=\"a2bfc2e\" data-element_type=\"widget\" data-widget_type=\"image.default\">\n\t\t\t\t\t\t\t\t\t\t\t\t\t\t\t<img decoding=\"async\" width=\"970\" height=\"560\" src=\"https:\/\/hercegovina.edu.ba\/hr\/wp-content\/uploads\/2023\/12\/Community-1.png\" class=\"attachment-full size-full wp-image-15386\" alt=\"\" srcset=\"https:\/\/hercegovina.edu.ba\/hr\/wp-content\/uploads\/2023\/12\/Community-1.png 970w, https:\/\/hercegovina.edu.ba\/hr\/wp-content\/uploads\/2023\/12\/Community-1-600x346.png 600w, https:\/\/hercegovina.edu.ba\/hr\/wp-content\/uploads\/2023\/12\/Community-1-300x173.png 300w, https:\/\/hercegovina.edu.ba\/hr\/wp-content\/uploads\/2023\/12\/Community-1-768x443.png 768w\" sizes=\"(max-width: 970px) 100vw, 970px\" \/>\t\t\t\t\t\t\t\t\t\t\t\t\t\t\t<\/div>\n\t\t\t\t\t<\/div>\n\t\t<\/div>\n\t\t\t\t<div class=\"elementor-column elementor-col-50 elementor-top-column elementor-element elementor-element-05add91\" data-id=\"05add91\" data-element_type=\"column\">\n\t\t\t<div class=\"elementor-widget-wrap elementor-element-populated\">\n\t\t\t\t\t\t<div class=\"elementor-element elementor-element-951988a elementor-widget thim-ekits-heading elementor-widget-thim-heading\" data-id=\"951988a\" data-element_type=\"widget\" data-widget_type=\"thim-heading.default\">\n\t\t\t\t<div class=\"elementor-widget-container\">\n\t\t\t\t\t<div class=\"sc_heading\"><h2 class=\"title\">KOJI STUDIJ ODABRATI? <\/h2><div class=\"sub-heading\"><p>\u017delite kvalitetan studij, a niste sigurni u svoju odluku? Istra\u017eite na\u0161e studijske programe i nastavne planove!<\/p>\n<\/div><\/div>\t\t\t\t<\/div>\n\t\t\t\t<\/div>\n\t\t\t\t<div class=\"elementor-element elementor-element-fbaa23f elementor-widget thim-widget-button\" data-id=\"fbaa23f\" data-element_type=\"widget\" data-widget_type=\"thim-button.default\">\n\t\t\t\t<div class=\"elementor-widget-container\">\n\t\t\t\t\t<a class=\"widget-button normal\" href=\"https:\/\/hercegovina.edu.ba\/hr\/studijski-programi\/\">Odaberi studij...<\/a>\t\t\t\t<\/div>\n\t\t\t\t<\/div>\n\t\t\t\t\t<\/div>\n\t\t<\/div>\n\t\t\t\t\t<\/div>\n\t\t<\/section>\n\t\t<div class=\"elementor-element elementor-element-06e0fcd e-flex e-con-boxed e-con e-parent\" data-id=\"06e0fcd\" data-element_type=\"container\">\n\t\t\t\t\t<div class=\"e-con-inner\">\n\t\t<div class=\"elementor-element elementor-element-0dea1de e-con-full e-flex e-con e-child\" data-id=\"0dea1de\" data-element_type=\"container\">\n\t\t\t\t<div class=\"elementor-element elementor-element-ca2875a elementor-widget thim-ekits-heading elementor-widget-thim-heading\" data-id=\"ca2875a\" data-element_type=\"widget\" data-widget_type=\"thim-heading.default\">\n\t\t\t\t<div class=\"elementor-widget-container\">\n\t\t\t\t\t<div class=\"sc_heading\"><h2 class=\"title\">NA\u0160I PARTNERI <\/h2><div class=\"sub-heading\"><p>Partneri s kojim Sveu\u010dili\u0161te ima potpisan sporazum o suradnji...<\/p>\n<\/div><\/div>\t\t\t\t<\/div>\n\t\t\t\t<\/div>\n\t\t\t\t<div class=\"elementor-element elementor-element-f0bcbac elementor-widget thim-widget-button\" data-id=\"f0bcbac\" data-element_type=\"widget\" data-widget_type=\"thim-button.default\">\n\t\t\t\t<div class=\"elementor-widget-container\">\n\t\t\t\t\t<a class=\"widget-button normal\" href=\"https:\/\/hercegovina.edu.ba\/hr\/wp-content\/uploads\/Partneri.pdf\">Popis partnera...<\/a>\t\t\t\t<\/div>\n\t\t\t\t<\/div>\n\t\t\t\t<\/div>\n\t\t<div class=\"elementor-element elementor-element-787542e e-con-full e-flex e-con e-child\" data-id=\"787542e\" data-element_type=\"container\">\n\t\t\t\t<div class=\"elementor-element elementor-element-ac5da17 elementor-widget elementor-widget-image\" data-id=\"ac5da17\" data-element_type=\"widget\" data-widget_type=\"image.default\">\n\t\t\t\t\t\t\t\t\t\t\t\t\t\t\t<img loading=\"lazy\" decoding=\"async\" width=\"630\" height=\"411\" src=\"https:\/\/hercegovina.edu.ba\/hr\/wp-content\/uploads\/2023\/12\/about-box5.jpg\" class=\"attachment-full size-full wp-image-15144\" alt=\"\" srcset=\"https:\/\/hercegovina.edu.ba\/hr\/wp-content\/uploads\/2023\/12\/about-box5.jpg 630w, https:\/\/hercegovina.edu.ba\/hr\/wp-content\/uploads\/2023\/12\/about-box5-600x391.jpg 600w, https:\/\/hercegovina.edu.ba\/hr\/wp-content\/uploads\/2023\/12\/about-box5-300x196.jpg 300w\" sizes=\"(max-width: 630px) 100vw, 630px\" \/>\t\t\t\t\t\t\t\t\t\t\t\t\t\t\t<\/div>\n\t\t\t\t<\/div>\n\t\t\t\t\t<\/div>\n\t\t\t\t<\/div>\n\t\t\t\t<\/div>\n\t\t","protected":false},"excerpt":{"rendered":"<p>Ulaganje u obrazovanje ostaje trajna vrijednost! &#8211; to na\u0161i studenti znaju. Sveu\u010dili\u0161te Hercegovina, od svog nastajanja pa do danas broji vi\u0161e od 700 diplomiranih studenata, te vi\u0161e od 30 doktora znanosti!\u00a0 Dobrodo\u0161li na Sveu\u010dili\u0161te Hercegovina &#8211; Sveu\u010dili\u0161te vrijedno truda! O &hellip; <\/p>\n","protected":false},"author":2,"featured_media":0,"parent":0,"menu_order":0,"comment_status":"closed","ping_status":"closed","template":"","meta":{"footnotes":""},"class_list":["post-15793","page","type-page","status-publish","hentry"],"yoast_head":"<!-- This site is optimized with the Yoast SEO plugin v27.3 - https:\/\/yoast.com\/product\/yoast-seo-wordpress\/ -->\n<title>O nama - Sveu\u010dili\u0161te Hercegovina<\/title>\n<meta name=\"description\" content=\"Dobrodo\u0161li na Sveu\u010dili\u0161te Hercegovina, prvo privatno licencirano i akreditirano Sveu\u010dili\u0161te u Bosni i Hercegovini.\" \/>\n<meta name=\"robots\" content=\"index, follow, max-snippet:-1, max-image-preview:large, max-video-preview:-1\" \/>\n<link rel=\"canonical\" href=\"https:\/\/hercegovina.edu.ba\/hr\/o-nama\/\" \/>\n<meta property=\"og:locale\" content=\"hr_HR\" \/>\n<meta property=\"og:type\" content=\"article\" \/>\n<meta property=\"og:title\" content=\"O nama - Sveu\u010dili\u0161te Hercegovina\" \/>\n<meta property=\"og:description\" content=\"Dobrodo\u0161li na Sveu\u010dili\u0161te Hercegovina, prvo privatno licencirano i akreditirano Sveu\u010dili\u0161te u Bosni i Hercegovini.\" \/>\n<meta property=\"og:url\" content=\"https:\/\/hercegovina.edu.ba\/hr\/o-nama\/\" \/>\n<meta property=\"og:site_name\" content=\"Sveu\u010dili\u0161te Hercegovina\" \/>\n<meta property=\"article:modified_time\" content=\"2025-12-18T14:38:02+00:00\" \/>\n<meta property=\"og:image\" content=\"https:\/\/hercegovina.edu.ba\/hr\/wp-content\/uploads\/2023\/12\/campus-life-2.jpg\" \/>\n\t<meta property=\"og:image:width\" content=\"630\" \/>\n\t<meta property=\"og:image:height\" content=\"410\" \/>\n\t<meta property=\"og:image:type\" content=\"image\/jpeg\" \/>\n<meta name=\"twitter:card\" content=\"summary_large_image\" \/>\n<meta name=\"twitter:label1\" content=\"Procijenjeno vrijeme \u010ditanja\" \/>\n\t<meta name=\"twitter:data1\" content=\"2 minute\" \/>\n<script type=\"application\/ld+json\" class=\"yoast-schema-graph\">{\"@context\":\"https:\\\/\\\/schema.org\",\"@graph\":[{\"@type\":\"WebPage\",\"@id\":\"https:\\\/\\\/hercegovina.edu.ba\\\/hr\\\/o-nama\\\/\",\"url\":\"https:\\\/\\\/hercegovina.edu.ba\\\/hr\\\/o-nama\\\/\",\"name\":\"O nama - Sveu\u010dili\u0161te Hercegovina\",\"isPartOf\":{\"@id\":\"https:\\\/\\\/hercegovina.edu.ba\\\/hr\\\/#website\"},\"primaryImageOfPage\":{\"@id\":\"https:\\\/\\\/hercegovina.edu.ba\\\/hr\\\/o-nama\\\/#primaryimage\"},\"image\":{\"@id\":\"https:\\\/\\\/hercegovina.edu.ba\\\/hr\\\/o-nama\\\/#primaryimage\"},\"thumbnailUrl\":\"https:\\\/\\\/hercegovina.edu.ba\\\/hr\\\/wp-content\\\/uploads\\\/2023\\\/12\\\/campus-life-2.jpg\",\"datePublished\":\"2023-12-05T09:11:50+00:00\",\"dateModified\":\"2025-12-18T14:38:02+00:00\",\"description\":\"Dobrodo\u0161li na Sveu\u010dili\u0161te Hercegovina, prvo privatno licencirano i akreditirano Sveu\u010dili\u0161te u Bosni i Hercegovini.\",\"breadcrumb\":{\"@id\":\"https:\\\/\\\/hercegovina.edu.ba\\\/hr\\\/o-nama\\\/#breadcrumb\"},\"inLanguage\":\"hr\",\"potentialAction\":[{\"@type\":\"ReadAction\",\"target\":[\"https:\\\/\\\/hercegovina.edu.ba\\\/hr\\\/o-nama\\\/\"]}]},{\"@type\":\"ImageObject\",\"inLanguage\":\"hr\",\"@id\":\"https:\\\/\\\/hercegovina.edu.ba\\\/hr\\\/o-nama\\\/#primaryimage\",\"url\":\"https:\\\/\\\/hercegovina.edu.ba\\\/hr\\\/wp-content\\\/uploads\\\/2023\\\/12\\\/campus-life-2.jpg\",\"contentUrl\":\"https:\\\/\\\/hercegovina.edu.ba\\\/hr\\\/wp-content\\\/uploads\\\/2023\\\/12\\\/campus-life-2.jpg\",\"width\":630,\"height\":410},{\"@type\":\"BreadcrumbList\",\"@id\":\"https:\\\/\\\/hercegovina.edu.ba\\\/hr\\\/o-nama\\\/#breadcrumb\",\"itemListElement\":[{\"@type\":\"ListItem\",\"position\":1,\"name\":\"Po\u010detna stranica\",\"item\":\"https:\\\/\\\/hercegovina.edu.ba\\\/hr\\\/\"},{\"@type\":\"ListItem\",\"position\":2,\"name\":\"O nama\"}]},{\"@type\":\"WebSite\",\"@id\":\"https:\\\/\\\/hercegovina.edu.ba\\\/hr\\\/#website\",\"url\":\"https:\\\/\\\/hercegovina.edu.ba\\\/hr\\\/\",\"name\":\"Sveu\u010dili\u0161te Hercegovina\",\"description\":\"Obrazovanje\",\"publisher\":{\"@id\":\"https:\\\/\\\/hercegovina.edu.ba\\\/hr\\\/#organization\"},\"potentialAction\":[{\"@type\":\"SearchAction\",\"target\":{\"@type\":\"EntryPoint\",\"urlTemplate\":\"https:\\\/\\\/hercegovina.edu.ba\\\/hr\\\/?s={search_term_string}\"},\"query-input\":{\"@type\":\"PropertyValueSpecification\",\"valueRequired\":true,\"valueName\":\"search_term_string\"}}],\"inLanguage\":\"hr\"},{\"@type\":\"Organization\",\"@id\":\"https:\\\/\\\/hercegovina.edu.ba\\\/hr\\\/#organization\",\"name\":\"Sveu\u010dili\u0161te Hercegovina\",\"url\":\"https:\\\/\\\/hercegovina.edu.ba\\\/hr\\\/\",\"logo\":{\"@type\":\"ImageObject\",\"inLanguage\":\"hr\",\"@id\":\"https:\\\/\\\/hercegovina.edu.ba\\\/hr\\\/#\\\/schema\\\/logo\\\/image\\\/\",\"url\":\"https:\\\/\\\/hercegovina.edu.ba\\\/hr\\\/wp-content\\\/uploads\\\/2025\\\/03\\\/1sveherc.png\",\"contentUrl\":\"https:\\\/\\\/hercegovina.edu.ba\\\/hr\\\/wp-content\\\/uploads\\\/2025\\\/03\\\/1sveherc.png\",\"width\":300,\"height\":100,\"caption\":\"Sveu\u010dili\u0161te Hercegovina\"},\"image\":{\"@id\":\"https:\\\/\\\/hercegovina.edu.ba\\\/hr\\\/#\\\/schema\\\/logo\\\/image\\\/\"}}]}<\/script>\n<!-- \/ Yoast SEO plugin. -->","yoast_head_json":{"title":"O nama - Sveu\u010dili\u0161te Hercegovina","description":"Dobrodo\u0161li na Sveu\u010dili\u0161te Hercegovina, prvo privatno licencirano i akreditirano Sveu\u010dili\u0161te u Bosni i Hercegovini.","robots":{"index":"index","follow":"follow","max-snippet":"max-snippet:-1","max-image-preview":"max-image-preview:large","max-video-preview":"max-video-preview:-1"},"canonical":"https:\/\/hercegovina.edu.ba\/hr\/o-nama\/","og_locale":"hr_HR","og_type":"article","og_title":"O nama - Sveu\u010dili\u0161te Hercegovina","og_description":"Dobrodo\u0161li na Sveu\u010dili\u0161te Hercegovina, prvo privatno licencirano i akreditirano Sveu\u010dili\u0161te u Bosni i Hercegovini.","og_url":"https:\/\/hercegovina.edu.ba\/hr\/o-nama\/","og_site_name":"Sveu\u010dili\u0161te Hercegovina","article_modified_time":"2025-12-18T14:38:02+00:00","og_image":[{"width":630,"height":410,"url":"https:\/\/hercegovina.edu.ba\/hr\/wp-content\/uploads\/2023\/12\/campus-life-2.jpg","type":"image\/jpeg"}],"twitter_card":"summary_large_image","twitter_misc":{"Procijenjeno vrijeme \u010ditanja":"2 minute"},"schema":{"@context":"https:\/\/schema.org","@graph":[{"@type":"WebPage","@id":"https:\/\/hercegovina.edu.ba\/hr\/o-nama\/","url":"https:\/\/hercegovina.edu.ba\/hr\/o-nama\/","name":"O nama - Sveu\u010dili\u0161te Hercegovina","isPartOf":{"@id":"https:\/\/hercegovina.edu.ba\/hr\/#website"},"primaryImageOfPage":{"@id":"https:\/\/hercegovina.edu.ba\/hr\/o-nama\/#primaryimage"},"image":{"@id":"https:\/\/hercegovina.edu.ba\/hr\/o-nama\/#primaryimage"},"thumbnailUrl":"https:\/\/hercegovina.edu.ba\/hr\/wp-content\/uploads\/2023\/12\/campus-life-2.jpg","datePublished":"2023-12-05T09:11:50+00:00","dateModified":"2025-12-18T14:38:02+00:00","description":"Dobrodo\u0161li na Sveu\u010dili\u0161te Hercegovina, prvo privatno licencirano i akreditirano Sveu\u010dili\u0161te u Bosni i Hercegovini.","breadcrumb":{"@id":"https:\/\/hercegovina.edu.ba\/hr\/o-nama\/#breadcrumb"},"inLanguage":"hr","potentialAction":[{"@type":"ReadAction","target":["https:\/\/hercegovina.edu.ba\/hr\/o-nama\/"]}]},{"@type":"ImageObject","inLanguage":"hr","@id":"https:\/\/hercegovina.edu.ba\/hr\/o-nama\/#primaryimage","url":"https:\/\/hercegovina.edu.ba\/hr\/wp-content\/uploads\/2023\/12\/campus-life-2.jpg","contentUrl":"https:\/\/hercegovina.edu.ba\/hr\/wp-content\/uploads\/2023\/12\/campus-life-2.jpg","width":630,"height":410},{"@type":"BreadcrumbList","@id":"https:\/\/hercegovina.edu.ba\/hr\/o-nama\/#breadcrumb","itemListElement":[{"@type":"ListItem","position":1,"name":"Po\u010detna stranica","item":"https:\/\/hercegovina.edu.ba\/hr\/"},{"@type":"ListItem","position":2,"name":"O nama"}]},{"@type":"WebSite","@id":"https:\/\/hercegovina.edu.ba\/hr\/#website","url":"https:\/\/hercegovina.edu.ba\/hr\/","name":"Sveu\u010dili\u0161te Hercegovina","description":"Obrazovanje","publisher":{"@id":"https:\/\/hercegovina.edu.ba\/hr\/#organization"},"potentialAction":[{"@type":"SearchAction","target":{"@type":"EntryPoint","urlTemplate":"https:\/\/hercegovina.edu.ba\/hr\/?s={search_term_string}"},"query-input":{"@type":"PropertyValueSpecification","valueRequired":true,"valueName":"search_term_string"}}],"inLanguage":"hr"},{"@type":"Organization","@id":"https:\/\/hercegovina.edu.ba\/hr\/#organization","name":"Sveu\u010dili\u0161te Hercegovina","url":"https:\/\/hercegovina.edu.ba\/hr\/","logo":{"@type":"ImageObject","inLanguage":"hr","@id":"https:\/\/hercegovina.edu.ba\/hr\/#\/schema\/logo\/image\/","url":"https:\/\/hercegovina.edu.ba\/hr\/wp-content\/uploads\/2025\/03\/1sveherc.png","contentUrl":"https:\/\/hercegovina.edu.ba\/hr\/wp-content\/uploads\/2025\/03\/1sveherc.png","width":300,"height":100,"caption":"Sveu\u010dili\u0161te Hercegovina"},"image":{"@id":"https:\/\/hercegovina.edu.ba\/hr\/#\/schema\/logo\/image\/"}}]}},"jetpack_sharing_enabled":true,"_links":{"self":[{"href":"https:\/\/hercegovina.edu.ba\/hr\/wp-json\/wp\/v2\/pages\/15793","targetHints":{"allow":["GET"]}}],"collection":[{"href":"https:\/\/hercegovina.edu.ba\/hr\/wp-json\/wp\/v2\/pages"}],"about":[{"href":"https:\/\/hercegovina.edu.ba\/hr\/wp-json\/wp\/v2\/types\/page"}],"author":[{"embeddable":true,"href":"https:\/\/hercegovina.edu.ba\/hr\/wp-json\/wp\/v2\/users\/2"}],"replies":[{"embeddable":true,"href":"https:\/\/hercegovina.edu.ba\/hr\/wp-json\/wp\/v2\/comments?post=15793"}],"version-history":[{"count":12,"href":"https:\/\/hercegovina.edu.ba\/hr\/wp-json\/wp\/v2\/pages\/15793\/revisions"}],"predecessor-version":[{"id":17710,"href":"https:\/\/hercegovina.edu.ba\/hr\/wp-json\/wp\/v2\/pages\/15793\/revisions\/17710"}],"wp:attachment":[{"href":"https:\/\/hercegovina.edu.ba\/hr\/wp-json\/wp\/v2\/media?parent=15793"}],"curies":[{"name":"wp","href":"https:\/\/api.w.org\/{rel}","templated":true}]}}