{"version":"1.0","provider_name":"Sveu\u010dili\u0161te Hercegovina","provider_url":"https:\/\/hercegovina.edu.ba\/hr","author_name":"Sveu\u010dili\u0161te Hercegovina","author_url":"https:\/\/hercegovina.edu.ba\/hr\/author\/darko-primorac23gmail-com\/","title":"Prijavi se na te\u010daj znakovnog jezika - Sveu\u010dili\u0161te Hercegovina","type":"rich","width":600,"height":338,"html":"<blockquote class=\"wp-embedded-content\" data-secret=\"90Ngr5Zlys\"><a href=\"https:\/\/hercegovina.edu.ba\/hr\/prijavi-se-na-tecaj-znakovnog-jezika\/\">Prijavi se na te\u010daj znakovnog jezika<\/a><\/blockquote><iframe sandbox=\"allow-scripts\" security=\"restricted\" src=\"https:\/\/hercegovina.edu.ba\/hr\/prijavi-se-na-tecaj-znakovnog-jezika\/embed\/#?secret=90Ngr5Zlys\" width=\"600\" height=\"338\" title=\"&#8220;Prijavi se na te\u010daj znakovnog jezika&#8221; &#8212; Sveu\u010dili\u0161te Hercegovina\" data-secret=\"90Ngr5Zlys\" frameborder=\"0\" marginwidth=\"0\" marginheight=\"0\" scrolling=\"no\" class=\"wp-embedded-content\"><\/iframe><script type=\"text\/javascript\">\n\/* <![CDATA[ *\/\n\/*! This file is auto-generated *\/\n!function(d,l){\"use strict\";l.querySelector&&d.addEventListener&&\"undefined\"!=typeof URL&&(d.wp=d.wp||{},d.wp.receiveEmbedMessage||(d.wp.receiveEmbedMessage=function(e){var t=e.data;if((t||t.secret||t.message||t.value)&&!\/[^a-zA-Z0-9]\/.test(t.secret)){for(var s,r,n,a=l.querySelectorAll('iframe[data-secret=\"'+t.secret+'\"]'),o=l.querySelectorAll('blockquote[data-secret=\"'+t.secret+'\"]'),c=new RegExp(\"^https?:$\",\"i\"),i=0;i<o.length;i++)o[i].style.display=\"none\";for(i=0;i<a.length;i++)s=a[i],e.source===s.contentWindow&&(s.removeAttribute(\"style\"),\"height\"===t.message?(1e3<(r=parseInt(t.value,10))?r=1e3:~~r<200&&(r=200),s.height=r):\"link\"===t.message&&(r=new URL(s.getAttribute(\"src\")),n=new URL(t.value),c.test(n.protocol))&&n.host===r.host&&l.activeElement===s&&(d.top.location.href=t.value))}},d.addEventListener(\"message\",d.wp.receiveEmbedMessage,!1),l.addEventListener(\"DOMContentLoaded\",function(){for(var e,t,s=l.querySelectorAll(\"iframe.wp-embedded-content\"),r=0;r<s.length;r++)(t=(e=s[r]).getAttribute(\"data-secret\"))||(t=Math.random().toString(36).substring(2,12),e.src+=\"#?secret=\"+t,e.setAttribute(\"data-secret\",t)),e.contentWindow.postMessage({message:\"ready\",secret:t},\"*\")},!1)))}(window,document);\n\/\/# sourceURL=https:\/\/hercegovina.edu.ba\/hr\/wp-includes\/js\/wp-embed.min.js\n\/* ]]> *\/\n<\/script>\n","thumbnail_url":"https:\/\/hercegovina.edu.ba\/hr\/wp-content\/uploads\/2022\/01\/Bez-naslova-Objava-na-Facebooku-Prezentacija-169.png","thumbnail_width":1920,"thumbnail_height":1080,"description":"Nau\u010di ne\u0161to novo i korisno &#8211; obogati svoja znanja vje\u0161tinom koja mo\u017ee pomo\u0107i mnogima!Centar CIERI Sveu\u010dili\u0161ta Hercegovina poziva sve zainteresirane koji \u017eele nau\u010diti ZNAKOVNI JEZIK da se prijave na besplatni TE\u010cAJ ZNAKOVNOG JEZIKA. Te\u010daj \u0107e se odvijati ONLINE, u trajanju &hellip;"}